{"id":13070,"date":"2020-01-05T11:23:56","date_gmt":"2020-01-05T10:23:56","guid":{"rendered":"http:\/\/new.waclaw.radom.pl\/?page_id=13070"},"modified":"2020-03-21T22:59:18","modified_gmt":"2020-03-21T21:59:18","slug":"grupy-parafialne","status":"publish","type":"page","link":"http:\/\/waclaw.radom.pl\/?page_id=13070","title":{"rendered":"Grupy parafialne"},"content":{"rendered":"<div class=\"fusion-fullwidth fullwidth-box fusion-builder-row-1 nonhundred-percent-fullwidth non-hundred-percent-height-scrolling\" style=\"--awb-border-radius-top-left:0px;--awb-border-radius-top-right:0px;--awb-border-radius-bottom-right:0px;--awb-border-radius-bottom-left:0px;--awb-flex-wrap:wrap;\" ><div class=\"fusion-builder-row fusion-row\"><div class=\"fusion-layout-column fusion_builder_column fusion-builder-column-0 fusion_builder_column_1_1 1_1 fusion-one-full fusion-column-first fusion-column-last\" style=\"--awb-bg-size:cover;--awb-margin-bottom:0px;\"><div class=\"fusion-column-wrapper fusion-flex-column-wrapper-legacy\"><style type=\"text\/css\">.fusion-portfolio-wrapper#fusion-portfolio-1 .fusion-portfolio-content{ padding: 25px 25px 25px 25px; text-align: left; }<\/style><div class=\"fusion-recent-works fusion-portfolio-element fusion-portfolio fusion-portfolio-1 fusion-portfolio-masonry fusion-portfolio-paging-pagination fusion-portfolio-three fusion-portfolio-boxed fusion-portfolio-text fusion-portfolio-rollover\" data-id=\"-rw-1\" data-columns=\"three\"><style type=\"text\/css\">.fusion-portfolio-1 .fusion-portfolio-wrapper .fusion-col-spacing{padding:0px;}<\/style><div class=\"fusion-portfolio-wrapper\" id=\"fusion-portfolio-1\" data-picturesize=\"auto\" data-pages=\"1\" style=\"margin:-0px;\"><article class=\"fusion-portfolio-post fusion-grid-sizer\"><\/article><article id=\"portfolio-1-post-13309\" class=\"fusion-portfolio-post grupy-parafialne fusion-col-spacing post-13309 fusion-element-grid\"><div class=\"fusion-portfolio-content-wrapper\" style=\"border:1px solid #ebeaea;border-bottom-width:3px;\"><span class=\"vcard rich-snippet-hidden\"><span class=\"fn\"><a href=\"http:\/\/waclaw.radom.pl\/?author=1\" title=\"Wpisy od root\" rel=\"author\">root<\/a><\/span><\/span><span class=\"updated rich-snippet-hidden\">2020-01-28T23:17:17+01:00<\/span><div  class=\"fusion-masonry-element-container fusion-image-wrapper\" style=\"background-image:url(http:\/\/waclaw.radom.pl\/wp-content\/uploads\/2020\/01\/Schola-dzieci\u0119ca.jpg);padding-top:calc((100% + -4px) * 0.8 - 0px);\" aria-haspopup=\"true\">\n\t\t\t\t<img decoding=\"async\" width=\"1920\" height=\"1280\" src=\"http:\/\/waclaw.radom.pl\/wp-content\/uploads\/2020\/01\/Schola-dzieci\u0119ca.jpg\" class=\"attachment-full size-full wp-post-image\" alt=\"\" srcset=\"http:\/\/waclaw.radom.pl\/wp-content\/uploads\/2020\/01\/Schola-dzieci\u0119ca-200x133.jpg 200w, http:\/\/waclaw.radom.pl\/wp-content\/uploads\/2020\/01\/Schola-dzieci\u0119ca-400x267.jpg 400w, http:\/\/waclaw.radom.pl\/wp-content\/uploads\/2020\/01\/Schola-dzieci\u0119ca-600x400.jpg 600w, http:\/\/waclaw.radom.pl\/wp-content\/uploads\/2020\/01\/Schola-dzieci\u0119ca-800x533.jpg 800w, http:\/\/waclaw.radom.pl\/wp-content\/uploads\/2020\/01\/Schola-dzieci\u0119ca-1200x800.jpg 1200w, http:\/\/waclaw.radom.pl\/wp-content\/uploads\/2020\/01\/Schola-dzieci\u0119ca.jpg 1920w\" sizes=\"(min-width: 2200px) 100vw, (min-width: 1124px) 390px, (min-width: 1032px) 585px, (min-width: 940px) 1032px, \" \/><div class=\"fusion-rollover\">\n\t<div class=\"fusion-rollover-content\">\n\n\t\t\t\t\t\t\t\t\t\t\t\t\t\t<a class=\"fusion-rollover-link\" href=\"http:\/\/waclaw.radom.pl\/?avada_portfolio=schola-dziecieca&portfolioCats=31\">Schola dzieci\u0119ca<\/a>\n\t\t\t\n\t\t\t\t\t\t\t\t\t\t\t\t\t\t\n\t\t\t\t\t\t\t\t\n\t\t\t\t\t\t\t\t\t\t\t\t\t<div class=\"fusion-rollover-sep\"><\/div>\n\t\t\t\t\n\t\t\t\t\t\t\t\t\t\t\t\t\t\t\t\t\t\t<a class=\"fusion-rollover-gallery\" href=\"http:\/\/waclaw.radom.pl\/wp-content\/uploads\/2020\/01\/Schola-dzieci\u0119ca.jpg\" data-options=\"\" data-id=\"13309\" data-rel=\"iLightbox[gallery-rw-1]\" data-title=\"Schola dzieci\u0119ca\" data-caption=\"\">\n\t\t\t\t\t\tGallery\t\t\t\t\t<\/a>\n\t\t\t\t\t\t\t\t\t\t\t\t\t\t\n\t\t\n\t\t\t\t\t\t\t\t\t\t\t\t<h4 class=\"fusion-rollover-title\">\n\t\t\t\t\t<a class=\"fusion-rollover-title-link\" href=\"http:\/\/waclaw.radom.pl\/?avada_portfolio=schola-dziecieca&portfolioCats=31\">\n\t\t\t\t\t\tSchola dzieci\u0119ca\t\t\t\t\t<\/a>\n\t\t\t\t<\/h4>\n\t\t\t\n\t\t\t\t\t\t\t\t\t\t<div class=\"fusion-rollover-categories\"><a href=\"http:\/\/waclaw.radom.pl\/?portfolio_category=grupy-parafialne\" rel=\"tag\">Grupy parafialne<\/a><\/div>\t\t\t\t\t\n\t\t\n\t\t\t\t\t\t<a class=\"fusion-link-wrapper\" href=\"http:\/\/waclaw.radom.pl\/?avada_portfolio=schola-dziecieca&portfolioCats=31\" aria-label=\"Schola dzieci\u0119ca\"><\/a>\n\t<\/div>\n<\/div>\n<\/div>\n<div class=\"fusion-portfolio-content\" style=\"bottom:0px;left:0px;right:0px;background-color:rgba(255,255,255,0);z-index:1;position:absolute;margin:0;\"><div class=\"fusion-portfolio-meta\"><a href=\"http:\/\/waclaw.radom.pl\/?portfolio_category=grupy-parafialne\" rel=\"tag\">Grupy parafialne<\/a><\/div><div class=\"fusion-post-content\"><p> Schola dzieci\u0119ca w naszej parafii na nowo dzia\u0142a od  [...]<\/p><\/div><\/div><\/div><\/article><article id=\"portfolio-1-post-13305\" class=\"fusion-portfolio-post grupy-parafialne fusion-col-spacing post-13305 fusion-element-grid\"><div class=\"fusion-portfolio-content-wrapper\" style=\"border:1px solid #ebeaea;border-bottom-width:3px;\"><span class=\"vcard rich-snippet-hidden\"><span class=\"fn\"><a href=\"http:\/\/waclaw.radom.pl\/?author=1\" title=\"Wpisy od root\" rel=\"author\">root<\/a><\/span><\/span><span class=\"updated rich-snippet-hidden\">2020-01-28T23:18:06+01:00<\/span><div  class=\"fusion-masonry-element-container fusion-image-wrapper\" style=\"background-image:url(http:\/\/waclaw.radom.pl\/wp-content\/uploads\/2020\/01\/Rycerze-Kolumba.jpg);padding-top:calc((100% + -4px) * 0.8 - 0px);\" aria-haspopup=\"true\">\n\t\t\t\t<img decoding=\"async\" width=\"600\" height=\"600\" src=\"http:\/\/waclaw.radom.pl\/wp-content\/uploads\/2020\/01\/Rycerze-Kolumba.jpg\" class=\"attachment-full size-full wp-post-image\" alt=\"\" srcset=\"http:\/\/waclaw.radom.pl\/wp-content\/uploads\/2020\/01\/Rycerze-Kolumba-200x200.jpg 200w, http:\/\/waclaw.radom.pl\/wp-content\/uploads\/2020\/01\/Rycerze-Kolumba-400x400.jpg 400w, http:\/\/waclaw.radom.pl\/wp-content\/uploads\/2020\/01\/Rycerze-Kolumba.jpg 600w\" sizes=\"(min-width: 2200px) 100vw, (min-width: 1124px) 390px, (min-width: 1032px) 585px, (min-width: 940px) 1032px, \" \/><div class=\"fusion-rollover\">\n\t<div class=\"fusion-rollover-content\">\n\n\t\t\t\t\t\t\t\t\t\t\t\t\t\t<a class=\"fusion-rollover-link\" href=\"http:\/\/waclaw.radom.pl\/?avada_portfolio=rycerze-kolumba&portfolioCats=31\">Rycerze Kolumba<\/a>\n\t\t\t\n\t\t\t\t\t\t\t\t\t\t\t\t\t\t\n\t\t\t\t\t\t\t\t\n\t\t\t\t\t\t\t\t\t\t\t\t\t<div class=\"fusion-rollover-sep\"><\/div>\n\t\t\t\t\n\t\t\t\t\t\t\t\t\t\t\t\t\t\t\t\t\t\t<a class=\"fusion-rollover-gallery\" href=\"http:\/\/waclaw.radom.pl\/wp-content\/uploads\/2020\/01\/Rycerze-Kolumba.jpg\" data-options=\"\" data-id=\"13305\" data-rel=\"iLightbox[gallery-rw-1]\" data-title=\"Rycerze Kolumba\" data-caption=\"\">\n\t\t\t\t\t\tGallery\t\t\t\t\t<\/a>\n\t\t\t\t\t\t\t\t\t\t\t\t\t\t\n\t\t\n\t\t\t\t\t\t\t\t\t\t\t\t<h4 class=\"fusion-rollover-title\">\n\t\t\t\t\t<a class=\"fusion-rollover-title-link\" href=\"http:\/\/waclaw.radom.pl\/?avada_portfolio=rycerze-kolumba&portfolioCats=31\">\n\t\t\t\t\t\tRycerze Kolumba\t\t\t\t\t<\/a>\n\t\t\t\t<\/h4>\n\t\t\t\n\t\t\t\t\t\t\t\t\t\t<div class=\"fusion-rollover-categories\"><a href=\"http:\/\/waclaw.radom.pl\/?portfolio_category=grupy-parafialne\" rel=\"tag\">Grupy parafialne<\/a><\/div>\t\t\t\t\t\n\t\t\n\t\t\t\t\t\t<a class=\"fusion-link-wrapper\" href=\"http:\/\/waclaw.radom.pl\/?avada_portfolio=rycerze-kolumba&portfolioCats=31\" aria-label=\"Rycerze Kolumba\"><\/a>\n\t<\/div>\n<\/div>\n<\/div>\n<div class=\"fusion-portfolio-content\" style=\"bottom:0px;left:0px;right:0px;background-color:rgba(255,255,255,0);z-index:1;position:absolute;margin:0;\"><div class=\"fusion-portfolio-meta\"><a href=\"http:\/\/waclaw.radom.pl\/?portfolio_category=grupy-parafialne\" rel=\"tag\">Grupy parafialne<\/a><\/div><div class=\"fusion-post-content\"><p> 2 pa\u017adziernika 1881 roku, ma\u0142a grupka m\u0119\u017cczyzn spotka\u0142a si\u0119  [...]<\/p><\/div><\/div><\/div><\/article><article id=\"portfolio-1-post-13302\" class=\"fusion-portfolio-post grupy-parafialne fusion-col-spacing post-13302 fusion-element-landscape fusion-element-portrait\"><div class=\"fusion-portfolio-content-wrapper\" style=\"border:1px solid #ebeaea;border-bottom-width:3px;\"><span class=\"vcard rich-snippet-hidden\"><span class=\"fn\"><a href=\"http:\/\/waclaw.radom.pl\/?author=1\" title=\"Wpisy od root\" rel=\"author\">root<\/a><\/span><\/span><span class=\"updated rich-snippet-hidden\">2020-01-28T23:18:32+01:00<\/span><div  class=\"fusion-masonry-element-container fusion-image-wrapper\" style=\"background-image:url(http:\/\/waclaw.radom.pl\/wp-content\/uploads\/2020\/01\/Ruch-\u015awiat\u0142o-\u017bycie-scaled.jpg);padding-top:calc((100% + -10px) * 0.8 + 4px);\" aria-haspopup=\"true\">\n\t\t\t\t<img decoding=\"async\" width=\"2560\" height=\"1707\" src=\"http:\/\/waclaw.radom.pl\/wp-content\/uploads\/2020\/01\/Ruch-\u015awiat\u0142o-\u017bycie-scaled.jpg\" class=\"attachment-full size-full wp-post-image\" alt=\"\" srcset=\"http:\/\/waclaw.radom.pl\/wp-content\/uploads\/2020\/01\/Ruch-\u015awiat\u0142o-\u017bycie-200x133.jpg 200w, http:\/\/waclaw.radom.pl\/wp-content\/uploads\/2020\/01\/Ruch-\u015awiat\u0142o-\u017bycie-400x267.jpg 400w, http:\/\/waclaw.radom.pl\/wp-content\/uploads\/2020\/01\/Ruch-\u015awiat\u0142o-\u017bycie-600x400.jpg 600w, http:\/\/waclaw.radom.pl\/wp-content\/uploads\/2020\/01\/Ruch-\u015awiat\u0142o-\u017bycie-800x533.jpg 800w, http:\/\/waclaw.radom.pl\/wp-content\/uploads\/2020\/01\/Ruch-\u015awiat\u0142o-\u017bycie-1200x800.jpg 1200w, http:\/\/waclaw.radom.pl\/wp-content\/uploads\/2020\/01\/Ruch-\u015awiat\u0142o-\u017bycie-scaled.jpg 2560w\" sizes=\"(min-width: 2200px) 100vw, (min-width: 940px) 1170px, \" \/><div class=\"fusion-rollover\">\n\t<div class=\"fusion-rollover-content\">\n\n\t\t\t\t\t\t\t\t\t\t\t\t\t\t<a class=\"fusion-rollover-link\" href=\"http:\/\/waclaw.radom.pl\/?avada_portfolio=ruch-swiatlo-zycie&portfolioCats=31\">Ruch \u015awiat\u0142o-\u017bycie<\/a>\n\t\t\t\n\t\t\t\t\t\t\t\t\t\t\t\t\t\t\n\t\t\t\t\t\t\t\t\n\t\t\t\t\t\t\t\t\t\t\t\t\t<div class=\"fusion-rollover-sep\"><\/div>\n\t\t\t\t\n\t\t\t\t\t\t\t\t\t\t\t\t\t\t\t\t\t\t<a class=\"fusion-rollover-gallery\" href=\"http:\/\/waclaw.radom.pl\/wp-content\/uploads\/2020\/01\/Ruch-\u015awiat\u0142o-\u017bycie-scaled.jpg\" data-options=\"\" data-id=\"13302\" data-rel=\"iLightbox[gallery-rw-1]\" data-title=\"Ruch \u015awiat\u0142o-\u017bycie\" data-caption=\"\">\n\t\t\t\t\t\tGallery\t\t\t\t\t<\/a>\n\t\t\t\t\t\t\t\t\t\t\t\t\t\t\n\t\t\n\t\t\t\t\t\t\t\t\t\t\t\t<h4 class=\"fusion-rollover-title\">\n\t\t\t\t\t<a class=\"fusion-rollover-title-link\" href=\"http:\/\/waclaw.radom.pl\/?avada_portfolio=ruch-swiatlo-zycie&portfolioCats=31\">\n\t\t\t\t\t\tRuch \u015awiat\u0142o-\u017bycie\t\t\t\t\t<\/a>\n\t\t\t\t<\/h4>\n\t\t\t\n\t\t\t\t\t\t\t\t\t\t<div class=\"fusion-rollover-categories\"><a href=\"http:\/\/waclaw.radom.pl\/?portfolio_category=grupy-parafialne\" rel=\"tag\">Grupy parafialne<\/a><\/div>\t\t\t\t\t\n\t\t\n\t\t\t\t\t\t<a class=\"fusion-link-wrapper\" href=\"http:\/\/waclaw.radom.pl\/?avada_portfolio=ruch-swiatlo-zycie&portfolioCats=31\" aria-label=\"Ruch \u015awiat\u0142o-\u017bycie\"><\/a>\n\t<\/div>\n<\/div>\n<\/div>\n<div class=\"fusion-portfolio-content\" style=\"bottom:0px;left:0px;right:0px;background-color:rgba(255,255,255,0);z-index:1;position:absolute;margin:0;\"><div class=\"fusion-portfolio-meta\"><a href=\"http:\/\/waclaw.radom.pl\/?portfolio_category=grupy-parafialne\" rel=\"tag\">Grupy parafialne<\/a><\/div><div class=\"fusion-post-content\"><p> Ruch \u015awiat\u0142o-\u017bycie jest posoborowym ruchem w Ko\u015bciele, kt\u00f3ry wyr\u00f3s\u0142  [...]<\/p><\/div><\/div><\/div><\/article><article id=\"portfolio-1-post-13298\" class=\"fusion-portfolio-post grupy-parafialne fusion-col-spacing post-13298 fusion-element-landscape fusion-element-portrait\"><div class=\"fusion-portfolio-content-wrapper\" style=\"border:1px solid #ebeaea;border-bottom-width:3px;\"><span class=\"vcard rich-snippet-hidden\"><span class=\"fn\"><a href=\"http:\/\/waclaw.radom.pl\/?author=1\" title=\"Wpisy od root\" rel=\"author\">root<\/a><\/span><\/span><span class=\"updated rich-snippet-hidden\">2020-01-28T23:19:03+01:00<\/span><div  class=\"fusion-masonry-element-container fusion-image-wrapper\" style=\"background-image:url(http:\/\/waclaw.radom.pl\/wp-content\/uploads\/2020\/01\/Ministranci-scaled.jpg);padding-top:calc((100% + -10px) * 0.8 + 4px);\" aria-haspopup=\"true\">\n\t\t\t\t<img decoding=\"async\" width=\"2560\" height=\"1707\" src=\"http:\/\/waclaw.radom.pl\/wp-content\/uploads\/2020\/01\/Ministranci-scaled.jpg\" class=\"attachment-full size-full wp-post-image\" alt=\"\" srcset=\"http:\/\/waclaw.radom.pl\/wp-content\/uploads\/2020\/01\/Ministranci-200x133.jpg 200w, http:\/\/waclaw.radom.pl\/wp-content\/uploads\/2020\/01\/Ministranci-400x267.jpg 400w, http:\/\/waclaw.radom.pl\/wp-content\/uploads\/2020\/01\/Ministranci-600x400.jpg 600w, http:\/\/waclaw.radom.pl\/wp-content\/uploads\/2020\/01\/Ministranci-800x533.jpg 800w, http:\/\/waclaw.radom.pl\/wp-content\/uploads\/2020\/01\/Ministranci-1200x800.jpg 1200w, http:\/\/waclaw.radom.pl\/wp-content\/uploads\/2020\/01\/Ministranci-scaled.jpg 2560w\" sizes=\"(min-width: 2200px) 100vw, (min-width: 940px) 1170px, \" \/><div class=\"fusion-rollover\">\n\t<div class=\"fusion-rollover-content\">\n\n\t\t\t\t\t\t\t\t\t\t\t\t\t\t<a class=\"fusion-rollover-link\" href=\"http:\/\/waclaw.radom.pl\/?avada_portfolio=ministranci&portfolioCats=31\">Ministranci<\/a>\n\t\t\t\n\t\t\t\t\t\t\t\t\t\t\t\t\t\t\n\t\t\t\t\t\t\t\t\n\t\t\t\t\t\t\t\t\t\t\t\t\t<div class=\"fusion-rollover-sep\"><\/div>\n\t\t\t\t\n\t\t\t\t\t\t\t\t\t\t\t\t\t\t\t\t\t\t<a class=\"fusion-rollover-gallery\" href=\"http:\/\/waclaw.radom.pl\/wp-content\/uploads\/2020\/01\/Ministranci-scaled.jpg\" data-options=\"\" data-id=\"13298\" data-rel=\"iLightbox[gallery-rw-1]\" data-title=\"Ministranci\" data-caption=\"\">\n\t\t\t\t\t\tGallery\t\t\t\t\t<\/a>\n\t\t\t\t\t\t\t\t\t\t\t\t\t\t\n\t\t\n\t\t\t\t\t\t\t\t\t\t\t\t<h4 class=\"fusion-rollover-title\">\n\t\t\t\t\t<a class=\"fusion-rollover-title-link\" href=\"http:\/\/waclaw.radom.pl\/?avada_portfolio=ministranci&portfolioCats=31\">\n\t\t\t\t\t\tMinistranci\t\t\t\t\t<\/a>\n\t\t\t\t<\/h4>\n\t\t\t\n\t\t\t\t\t\t\t\t\t\t<div class=\"fusion-rollover-categories\"><a href=\"http:\/\/waclaw.radom.pl\/?portfolio_category=grupy-parafialne\" rel=\"tag\">Grupy parafialne<\/a><\/div>\t\t\t\t\t\n\t\t\n\t\t\t\t\t\t<a class=\"fusion-link-wrapper\" href=\"http:\/\/waclaw.radom.pl\/?avada_portfolio=ministranci&portfolioCats=31\" aria-label=\"Ministranci\"><\/a>\n\t<\/div>\n<\/div>\n<\/div>\n<div class=\"fusion-portfolio-content\" style=\"bottom:0px;left:0px;right:0px;background-color:rgba(255,255,255,0);z-index:1;position:absolute;margin:0;\"><div class=\"fusion-portfolio-meta\"><a href=\"http:\/\/waclaw.radom.pl\/?portfolio_category=grupy-parafialne\" rel=\"tag\">Grupy parafialne<\/a><\/div><div class=\"fusion-post-content\"><p> Ministranci w naszej parafii to mocno zwi\u0105zana ze sob\u0105  [...]<\/p><\/div><\/div><\/div><\/article><article id=\"portfolio-1-post-13293\" class=\"fusion-portfolio-post grupy-parafialne fusion-col-spacing post-13293 fusion-element-grid\"><div class=\"fusion-portfolio-content-wrapper\" style=\"border:1px solid #ebeaea;border-bottom-width:3px;\"><span class=\"vcard rich-snippet-hidden\"><span class=\"fn\"><a href=\"http:\/\/waclaw.radom.pl\/?author=1\" title=\"Wpisy od root\" rel=\"author\">root<\/a><\/span><\/span><span class=\"updated rich-snippet-hidden\">2020-01-28T23:19:24+01:00<\/span><div  class=\"fusion-masonry-element-container fusion-image-wrapper\" style=\"background-image:url(http:\/\/waclaw.radom.pl\/wp-content\/uploads\/2020\/01\/Grupa-\u015bw.-Marty.jpg);padding-top:calc((100% + -4px) * 0.8 - 0px);\" aria-haspopup=\"true\">\n\t\t\t\t<img decoding=\"async\" width=\"960\" height=\"688\" src=\"http:\/\/waclaw.radom.pl\/wp-content\/uploads\/2020\/01\/Grupa-\u015bw.-Marty.jpg\" class=\"attachment-full size-full wp-post-image\" alt=\"\" srcset=\"http:\/\/waclaw.radom.pl\/wp-content\/uploads\/2020\/01\/Grupa-\u015bw.-Marty-200x143.jpg 200w, http:\/\/waclaw.radom.pl\/wp-content\/uploads\/2020\/01\/Grupa-\u015bw.-Marty-400x287.jpg 400w, http:\/\/waclaw.radom.pl\/wp-content\/uploads\/2020\/01\/Grupa-\u015bw.-Marty-600x430.jpg 600w, http:\/\/waclaw.radom.pl\/wp-content\/uploads\/2020\/01\/Grupa-\u015bw.-Marty-800x573.jpg 800w, http:\/\/waclaw.radom.pl\/wp-content\/uploads\/2020\/01\/Grupa-\u015bw.-Marty.jpg 960w\" sizes=\"(min-width: 2200px) 100vw, (min-width: 1124px) 390px, (min-width: 1032px) 585px, (min-width: 940px) 1032px, \" \/><div class=\"fusion-rollover\">\n\t<div class=\"fusion-rollover-content\">\n\n\t\t\t\t\t\t\t\t\t\t\t\t\t\t<a class=\"fusion-rollover-link\" href=\"http:\/\/waclaw.radom.pl\/?avada_portfolio=13293&portfolioCats=31\">Grupa \u015aw Marty<\/a>\n\t\t\t\n\t\t\t\t\t\t\t\t\t\t\t\t\t\t\n\t\t\t\t\t\t\t\t\n\t\t\t\t\t\t\t\t\t\t\t\t\t<div class=\"fusion-rollover-sep\"><\/div>\n\t\t\t\t\n\t\t\t\t\t\t\t\t\t\t\t\t\t\t\t\t\t\t<a class=\"fusion-rollover-gallery\" href=\"http:\/\/waclaw.radom.pl\/wp-content\/uploads\/2020\/01\/Grupa-\u015bw.-Marty.jpg\" data-options=\"\" data-id=\"13293\" data-rel=\"iLightbox[gallery-rw-1]\" data-title=\"Grupa \u015bw. Marty\" data-caption=\"\">\n\t\t\t\t\t\tGallery\t\t\t\t\t<\/a>\n\t\t\t\t\t\t\t\t\t\t\t\t\t\t\n\t\t\n\t\t\t\t\t\t\t\t\t\t\t\t<h4 class=\"fusion-rollover-title\">\n\t\t\t\t\t<a class=\"fusion-rollover-title-link\" href=\"http:\/\/waclaw.radom.pl\/?avada_portfolio=13293&portfolioCats=31\">\n\t\t\t\t\t\tGrupa \u015aw Marty\t\t\t\t\t<\/a>\n\t\t\t\t<\/h4>\n\t\t\t\n\t\t\t\t\t\t\t\t\t\t<div class=\"fusion-rollover-categories\"><a href=\"http:\/\/waclaw.radom.pl\/?portfolio_category=grupy-parafialne\" rel=\"tag\">Grupy parafialne<\/a><\/div>\t\t\t\t\t\n\t\t\n\t\t\t\t\t\t<a class=\"fusion-link-wrapper\" href=\"http:\/\/waclaw.radom.pl\/?avada_portfolio=13293&portfolioCats=31\" aria-label=\"Grupa \u015aw Marty\"><\/a>\n\t<\/div>\n<\/div>\n<\/div>\n<div class=\"fusion-portfolio-content\" style=\"bottom:0px;left:0px;right:0px;background-color:rgba(255,255,255,0);z-index:1;position:absolute;margin:0;\"><div class=\"fusion-portfolio-meta\"><a href=\"http:\/\/waclaw.radom.pl\/?portfolio_category=grupy-parafialne\" rel=\"tag\">Grupy parafialne<\/a><\/div><div class=\"fusion-post-content\"><p> Grupa \u015bw. Marty w naszej parafii pe\u0142ni bardzo wa\u017cn\u0105  [...]<\/p><\/div><\/div><\/div><\/article><article id=\"portfolio-1-post-13289\" class=\"fusion-portfolio-post grupy-parafialne fusion-col-spacing post-13289 fusion-element-landscape\"><div class=\"fusion-portfolio-content-wrapper\" style=\"border:1px solid #ebeaea;border-bottom-width:3px;\"><span class=\"vcard rich-snippet-hidden\"><span class=\"fn\"><a href=\"http:\/\/waclaw.radom.pl\/?author=1\" title=\"Wpisy od root\" rel=\"author\">root<\/a><\/span><\/span><span class=\"updated rich-snippet-hidden\">2020-01-28T23:19:47+01:00<\/span><div  class=\"fusion-masonry-element-container fusion-image-wrapper\" style=\"background-image:url(http:\/\/waclaw.radom.pl\/wp-content\/uploads\/2020\/01\/Domowy-Ko\u015bci\u00f3\u0142.jpg);padding-top:calc((100% + -10px) * 0.4 - 0px);\" aria-haspopup=\"true\">\n\t\t\t\t<img decoding=\"async\" width=\"2048\" height=\"1365\" src=\"http:\/\/waclaw.radom.pl\/wp-content\/uploads\/2020\/01\/Domowy-Ko\u015bci\u00f3\u0142.jpg\" class=\"attachment-full size-full wp-post-image\" alt=\"\" srcset=\"http:\/\/waclaw.radom.pl\/wp-content\/uploads\/2020\/01\/Domowy-Ko\u015bci\u00f3\u0142-200x133.jpg 200w, http:\/\/waclaw.radom.pl\/wp-content\/uploads\/2020\/01\/Domowy-Ko\u015bci\u00f3\u0142-400x267.jpg 400w, http:\/\/waclaw.radom.pl\/wp-content\/uploads\/2020\/01\/Domowy-Ko\u015bci\u00f3\u0142-600x400.jpg 600w, http:\/\/waclaw.radom.pl\/wp-content\/uploads\/2020\/01\/Domowy-Ko\u015bci\u00f3\u0142-800x533.jpg 800w, http:\/\/waclaw.radom.pl\/wp-content\/uploads\/2020\/01\/Domowy-Ko\u015bci\u00f3\u0142-1200x800.jpg 1200w, http:\/\/waclaw.radom.pl\/wp-content\/uploads\/2020\/01\/Domowy-Ko\u015bci\u00f3\u0142.jpg 2048w\" sizes=\"(min-width: 2200px) 100vw, (min-width: 940px) 1170px, \" \/><div class=\"fusion-rollover\">\n\t<div class=\"fusion-rollover-content\">\n\n\t\t\t\t\t\t\t\t\t\t\t\t\t\t<a class=\"fusion-rollover-link\" href=\"http:\/\/waclaw.radom.pl\/?avada_portfolio=domowy-kosciol&portfolioCats=31\">Domowy Ko\u015bci\u00f3\u0142<\/a>\n\t\t\t\n\t\t\t\t\t\t\t\t\t\t\t\t\t\t\n\t\t\t\t\t\t\t\t\n\t\t\t\t\t\t\t\t\t\t\t\t\t<div class=\"fusion-rollover-sep\"><\/div>\n\t\t\t\t\n\t\t\t\t\t\t\t\t\t\t\t\t\t\t\t\t\t\t<a class=\"fusion-rollover-gallery\" href=\"http:\/\/waclaw.radom.pl\/wp-content\/uploads\/2020\/01\/Domowy-Ko\u015bci\u00f3\u0142.jpg\" data-options=\"\" data-id=\"13289\" data-rel=\"iLightbox[gallery-rw-1]\" data-title=\"Domowy Ko\u015bci\u00f3\u0142\" data-caption=\"\">\n\t\t\t\t\t\tGallery\t\t\t\t\t<\/a>\n\t\t\t\t\t\t\t\t\t\t\t\t\t\t\n\t\t\n\t\t\t\t\t\t\t\t\t\t\t\t<h4 class=\"fusion-rollover-title\">\n\t\t\t\t\t<a class=\"fusion-rollover-title-link\" href=\"http:\/\/waclaw.radom.pl\/?avada_portfolio=domowy-kosciol&portfolioCats=31\">\n\t\t\t\t\t\tDomowy Ko\u015bci\u00f3\u0142\t\t\t\t\t<\/a>\n\t\t\t\t<\/h4>\n\t\t\t\n\t\t\t\t\t\t\t\t\t\t<div class=\"fusion-rollover-categories\"><a href=\"http:\/\/waclaw.radom.pl\/?portfolio_category=grupy-parafialne\" rel=\"tag\">Grupy parafialne<\/a><\/div>\t\t\t\t\t\n\t\t\n\t\t\t\t\t\t<a class=\"fusion-link-wrapper\" href=\"http:\/\/waclaw.radom.pl\/?avada_portfolio=domowy-kosciol&portfolioCats=31\" aria-label=\"Domowy Ko\u015bci\u00f3\u0142\"><\/a>\n\t<\/div>\n<\/div>\n<\/div>\n<div class=\"fusion-portfolio-content\" style=\"bottom:0px;left:0px;right:0px;background-color:rgba(255,255,255,0);z-index:1;position:absolute;margin:0;\"><div class=\"fusion-portfolio-meta\"><a href=\"http:\/\/waclaw.radom.pl\/?portfolio_category=grupy-parafialne\" rel=\"tag\">Grupy parafialne<\/a><\/div><div class=\"fusion-post-content\"><p> Domowy Ko\u015bci\u00f3\u0142 zwraca szczeg\u00f3ln\u0105 uwag\u0119 na duchowo\u015b\u0107 ma\u0142\u017ce\u0144sk\u0105, czyli  [...]<\/p><\/div><\/div><\/div><\/article><article id=\"portfolio-1-post-13284\" class=\"fusion-portfolio-post grupy-parafialne fusion-col-spacing post-13284 fusion-element-grid\"><div class=\"fusion-portfolio-content-wrapper\" style=\"border:1px solid #ebeaea;border-bottom-width:3px;\"><span class=\"vcard rich-snippet-hidden\"><span class=\"fn\"><a href=\"http:\/\/waclaw.radom.pl\/?author=1\" title=\"Wpisy od root\" rel=\"author\">root<\/a><\/span><\/span><span class=\"updated rich-snippet-hidden\">2020-01-28T23:20:13+01:00<\/span><div  class=\"fusion-masonry-element-container fusion-image-wrapper\" style=\"background-image:url(http:\/\/waclaw.radom.pl\/wp-content\/uploads\/2020\/01\/Ch\u00f3r.jpg);padding-top:calc((100% + -4px) * 0.8 - 0px);\" aria-haspopup=\"true\">\n\t\t\t\t<img decoding=\"async\" width=\"1920\" height=\"1280\" src=\"http:\/\/waclaw.radom.pl\/wp-content\/uploads\/2020\/01\/Ch\u00f3r.jpg\" class=\"attachment-full size-full wp-post-image\" alt=\"\" srcset=\"http:\/\/waclaw.radom.pl\/wp-content\/uploads\/2020\/01\/Ch\u00f3r-200x133.jpg 200w, http:\/\/waclaw.radom.pl\/wp-content\/uploads\/2020\/01\/Ch\u00f3r-400x267.jpg 400w, http:\/\/waclaw.radom.pl\/wp-content\/uploads\/2020\/01\/Ch\u00f3r-600x400.jpg 600w, http:\/\/waclaw.radom.pl\/wp-content\/uploads\/2020\/01\/Ch\u00f3r-800x533.jpg 800w, http:\/\/waclaw.radom.pl\/wp-content\/uploads\/2020\/01\/Ch\u00f3r-1200x800.jpg 1200w, http:\/\/waclaw.radom.pl\/wp-content\/uploads\/2020\/01\/Ch\u00f3r.jpg 1920w\" sizes=\"(min-width: 2200px) 100vw, (min-width: 1124px) 390px, (min-width: 1032px) 585px, (min-width: 940px) 1032px, \" \/><div class=\"fusion-rollover\">\n\t<div class=\"fusion-rollover-content\">\n\n\t\t\t\t\t\t\t\t\t\t\t\t\t\t<a class=\"fusion-rollover-link\" href=\"http:\/\/waclaw.radom.pl\/?avada_portfolio=chor&portfolioCats=31\">Ch\u00f3r<\/a>\n\t\t\t\n\t\t\t\t\t\t\t\t\t\t\t\t\t\t\n\t\t\t\t\t\t\t\t\n\t\t\t\t\t\t\t\t\t\t\t\t\t<div class=\"fusion-rollover-sep\"><\/div>\n\t\t\t\t\n\t\t\t\t\t\t\t\t\t\t\t\t\t\t\t\t\t\t<a class=\"fusion-rollover-gallery\" href=\"http:\/\/waclaw.radom.pl\/wp-content\/uploads\/2020\/01\/Ch\u00f3r.jpg\" data-options=\"\" data-id=\"13284\" data-rel=\"iLightbox[gallery-rw-1]\" data-title=\"Ch\u00f3r\" data-caption=\"\">\n\t\t\t\t\t\tGallery\t\t\t\t\t<\/a>\n\t\t\t\t\t\t\t\t\t\t\t\t\t\t\n\t\t\n\t\t\t\t\t\t\t\t\t\t\t\t<h4 class=\"fusion-rollover-title\">\n\t\t\t\t\t<a class=\"fusion-rollover-title-link\" href=\"http:\/\/waclaw.radom.pl\/?avada_portfolio=chor&portfolioCats=31\">\n\t\t\t\t\t\tCh\u00f3r\t\t\t\t\t<\/a>\n\t\t\t\t<\/h4>\n\t\t\t\n\t\t\t\t\t\t\t\t\t\t<div class=\"fusion-rollover-categories\"><a href=\"http:\/\/waclaw.radom.pl\/?portfolio_category=grupy-parafialne\" rel=\"tag\">Grupy parafialne<\/a><\/div>\t\t\t\t\t\n\t\t\n\t\t\t\t\t\t<a class=\"fusion-link-wrapper\" href=\"http:\/\/waclaw.radom.pl\/?avada_portfolio=chor&portfolioCats=31\" aria-label=\"Ch\u00f3r\"><\/a>\n\t<\/div>\n<\/div>\n<\/div>\n<div class=\"fusion-portfolio-content\" style=\"bottom:0px;left:0px;right:0px;background-color:rgba(255,255,255,0);z-index:1;position:absolute;margin:0;\"><div class=\"fusion-portfolio-meta\"><a href=\"http:\/\/waclaw.radom.pl\/?portfolio_category=grupy-parafialne\" rel=\"tag\">Grupy parafialne<\/a><\/div><div class=\"fusion-post-content\"><p> Ch\u00f3r naszej parafii zosta\u0142 za\u0142o\u017cy w 2006 roku staraniem  [...]<\/p><\/div><\/div><\/div><\/article><\/div><\/div><div class=\"fusion-clearfix\"><\/div><\/div><\/div><\/div><\/div>\n","protected":false},"excerpt":{"rendered":"","protected":false},"author":1,"featured_media":0,"parent":0,"menu_order":0,"comment_status":"closed","ping_status":"closed","template":"","meta":{"footnotes":""},"class_list":["post-13070","page","type-page","status-publish","hentry"],"_links":{"self":[{"href":"http:\/\/waclaw.radom.pl\/index.php?rest_route=\/wp\/v2\/pages\/13070","targetHints":{"allow":["GET"]}}],"collection":[{"href":"http:\/\/waclaw.radom.pl\/index.php?rest_route=\/wp\/v2\/pages"}],"about":[{"href":"http:\/\/waclaw.radom.pl\/index.php?rest_route=\/wp\/v2\/types\/page"}],"author":[{"embeddable":true,"href":"http:\/\/waclaw.radom.pl\/index.php?rest_route=\/wp\/v2\/users\/1"}],"replies":[{"embeddable":true,"href":"http:\/\/waclaw.radom.pl\/index.php?rest_route=%2Fwp%2Fv2%2Fcomments&post=13070"}],"version-history":[{"count":12,"href":"http:\/\/waclaw.radom.pl\/index.php?rest_route=\/wp\/v2\/pages\/13070\/revisions"}],"predecessor-version":[{"id":13509,"href":"http:\/\/waclaw.radom.pl\/index.php?rest_route=\/wp\/v2\/pages\/13070\/revisions\/13509"}],"wp:attachment":[{"href":"http:\/\/waclaw.radom.pl\/index.php?rest_route=%2Fwp%2Fv2%2Fmedia&parent=13070"}],"curies":[{"name":"wp","href":"https:\/\/api.w.org\/{rel}","templated":true}]}}