{"id":13411,"date":"2020-02-23T22:11:57","date_gmt":"2020-02-23T21:11:57","guid":{"rendered":"http:\/\/new.waclaw.radom.pl\/?page_id=13411"},"modified":"2020-02-23T22:11:57","modified_gmt":"2020-02-23T21:11:57","slug":"sezon-2017","status":"publish","type":"page","link":"http:\/\/waclaw.radom.pl\/?page_id=13411","title":{"rendered":"Sezon 2017"},"content":{"rendered":"<h1>SEZON 2017<\/h1>\n<h3>\u221a\u00a06 maja 2017 (sobota):<br \/>\nRADOM &#8211; STARA B\u0141OTNICA &#8211; 77 km &#8211; <a href=\"http:\/\/waclawteam.pl\/mapy\/blotnica\" target=\"_blank\" rel=\"noopener noreferrer\">trasa<\/a>, <a href=\"http:\/\/www.waclaw.radom.pl\/waclaw-team\/sezon-2017\/stara-blotnica-2017.html\">relacja<\/a><\/h3>\n<p><img decoding=\"async\" class=\"alignnone size-medium wp-image-13412\" src=\"http:\/\/new.waclaw.radom.pl\/wp-content\/uploads\/2020\/02\/waclaw_team_znaczek_blotnica-300x300.png\" alt=\"\" width=\"300\" height=\"300\" srcset=\"http:\/\/waclaw.radom.pl\/wp-content\/uploads\/2020\/02\/waclaw_team_znaczek_blotnica-66x66.png 66w, http:\/\/waclaw.radom.pl\/wp-content\/uploads\/2020\/02\/waclaw_team_znaczek_blotnica-150x150.png 150w, http:\/\/waclaw.radom.pl\/wp-content\/uploads\/2020\/02\/waclaw_team_znaczek_blotnica-200x200.png 200w, http:\/\/waclaw.radom.pl\/wp-content\/uploads\/2020\/02\/waclaw_team_znaczek_blotnica-300x300.png 300w, http:\/\/waclaw.radom.pl\/wp-content\/uploads\/2020\/02\/waclaw_team_znaczek_blotnica-400x400.png 400w, http:\/\/waclaw.radom.pl\/wp-content\/uploads\/2020\/02\/waclaw_team_znaczek_blotnica.png 480w\" sizes=\"(max-width: 300px) 100vw, 300px\" \/><\/p>\n<div><strong>Jednodniowa pielgrzymka do sanktuarium MB Pocieszenia<\/strong><\/div>\n<div>\u2022 inauguracja sezonu rowerowego<br \/>\n\u2022 przejazd w obie strony rowerem<\/div>\n<h3><\/h3>\n<h3>\u221a\u00a024-25 czerwca 2017 (sobota-niedziela):<br \/>\n\u2022\u00a0RADOM &#8211; SOLEC N\/WIS\u0141\u0104 &#8211; 200 km &#8211; <a href=\"http:\/\/waclawteam.pl\/mapy\/solec\" target=\"_blank\" rel=\"noopener noreferrer\">trasa<\/a>, <a href=\"http:\/\/www.waclaw.radom.pl\/waclaw-team\/sezon-2017\/solec-2017.html\">relacja<\/a><\/h3>\n<p><img decoding=\"async\" class=\"alignnone size-medium wp-image-13413\" src=\"http:\/\/new.waclaw.radom.pl\/wp-content\/uploads\/2020\/02\/waclaw_team_znaczek_solec-300x300.png\" alt=\"\" width=\"300\" height=\"300\" srcset=\"http:\/\/waclaw.radom.pl\/wp-content\/uploads\/2020\/02\/waclaw_team_znaczek_solec-66x66.png 66w, http:\/\/waclaw.radom.pl\/wp-content\/uploads\/2020\/02\/waclaw_team_znaczek_solec-150x150.png 150w, http:\/\/waclaw.radom.pl\/wp-content\/uploads\/2020\/02\/waclaw_team_znaczek_solec-200x200.png 200w, http:\/\/waclaw.radom.pl\/wp-content\/uploads\/2020\/02\/waclaw_team_znaczek_solec-300x300.png 300w, http:\/\/waclaw.radom.pl\/wp-content\/uploads\/2020\/02\/waclaw_team_znaczek_solec-400x400.png 400w, http:\/\/waclaw.radom.pl\/wp-content\/uploads\/2020\/02\/waclaw_team_znaczek_solec-600x600.png 600w, http:\/\/waclaw.radom.pl\/wp-content\/uploads\/2020\/02\/waclaw_team_znaczek_solec.png 633w\" sizes=\"(max-width: 300px) 100vw, 300px\" \/><\/p>\n<div><strong>Dwudniowa pielgrzymka do Solca n\/Wis\u0142\u0105<\/strong><\/div>\n<div>\u2022 trasa dwudniowa, w oboe strony rowerem<br \/>\n\u2022 po drodze I\u0142\u017ca, sanktuarium Piotrawin, Kazimierz Dolny, Janowiec, Zwole\u0144<\/div>\n<h3><\/h3>\n<h3>\u221a\u00a06-9 lipca 2017 (czwartek &#8211; niedziela):<br \/>\nRADOM &#8211; JASNA G\u00d3RA &#8211; RADOM &#8211; 430 km &#8211; <a href=\"http:\/\/waclawteam.pl\/mapy\/jasnagora2017\" target=\"_blank\" rel=\"noopener noreferrer\">trasa<\/a>, <a href=\"http:\/\/www.waclaw.radom.pl\/waclaw-team\/sezon-2017\/jasna-gora-2017.html\">relacja<\/a><\/h3>\n<p><img decoding=\"async\" class=\"alignnone size-medium wp-image-13414\" src=\"http:\/\/new.waclaw.radom.pl\/wp-content\/uploads\/2020\/02\/waclawteam_znaczek_jg2017-300x300.png\" alt=\"\" width=\"300\" height=\"300\" srcset=\"http:\/\/waclaw.radom.pl\/wp-content\/uploads\/2020\/02\/waclawteam_znaczek_jg2017-66x66.png 66w, http:\/\/waclaw.radom.pl\/wp-content\/uploads\/2020\/02\/waclawteam_znaczek_jg2017-150x150.png 150w, http:\/\/waclaw.radom.pl\/wp-content\/uploads\/2020\/02\/waclawteam_znaczek_jg2017-200x200.png 200w, http:\/\/waclaw.radom.pl\/wp-content\/uploads\/2020\/02\/waclawteam_znaczek_jg2017-300x300.png 300w, http:\/\/waclaw.radom.pl\/wp-content\/uploads\/2020\/02\/waclawteam_znaczek_jg2017-400x400.png 400w, http:\/\/waclaw.radom.pl\/wp-content\/uploads\/2020\/02\/waclawteam_znaczek_jg2017-600x600.png 600w, http:\/\/waclaw.radom.pl\/wp-content\/uploads\/2020\/02\/waclawteam_znaczek_jg2017.png 720w\" sizes=\"(max-width: 300px) 100vw, 300px\" \/><\/p>\n<div><strong>Czterodniowa pielgrzymka na Jasn\u0105 G\u00f3r\u0119 i powr\u00f3t do Radomia<\/strong><\/div>\n<div>\u2022 trasa czterodniowa, w ramach XII Og\u00f3lnopolskiej Pielgrzymki Rowerowej na Jasn\u0105 G\u00f3r\u0119 (8 lipca)<br \/>\n\u2022 w sobot\u0119 przed po\u0142udniem uczestnicznymy we spotkaniu wszystkich grup, po po\u0142udniu ruszamy w drog\u0119 powrotn\u0105<br \/>\n\u2022 tym razem spr\u00f3bujemy pojecha\u0107 inn\u0105 tras\u0105 &#8211; przez Opoczno<\/div>\n<h3><\/h3>\n<h3>\u221a\u00a020-23 lipca 2017 (czwartek &#8211; niedziela):<br \/>\nSANKTUARIA WARMII &#8211; 267 km (247 przejechane) &#8211; <a href=\"http:\/\/waclawteam.pl\/mapy\/warmia\" target=\"_blank\" rel=\"noopener noreferrer\">trasa<\/a>, <a href=\"http:\/\/www.waclaw.radom.pl\/waclaw-team\/sezon-2017\/waclawteam-2017-warmia.html\">relacja<\/a><\/h3>\n<p><img decoding=\"async\" class=\"alignnone size-medium wp-image-13416\" src=\"http:\/\/new.waclaw.radom.pl\/wp-content\/uploads\/2020\/02\/waclawteam_znaczek_warmia-300x300.png\" alt=\"\" width=\"300\" height=\"300\" srcset=\"http:\/\/waclaw.radom.pl\/wp-content\/uploads\/2020\/02\/waclawteam_znaczek_warmia-66x66.png 66w, http:\/\/waclaw.radom.pl\/wp-content\/uploads\/2020\/02\/waclawteam_znaczek_warmia-150x150.png 150w, http:\/\/waclaw.radom.pl\/wp-content\/uploads\/2020\/02\/waclawteam_znaczek_warmia-200x200.png 200w, http:\/\/waclaw.radom.pl\/wp-content\/uploads\/2020\/02\/waclawteam_znaczek_warmia-300x300.png 300w, http:\/\/waclaw.radom.pl\/wp-content\/uploads\/2020\/02\/waclawteam_znaczek_warmia-400x400.png 400w, http:\/\/waclaw.radom.pl\/wp-content\/uploads\/2020\/02\/waclawteam_znaczek_warmia-600x600.png 600w, http:\/\/waclaw.radom.pl\/wp-content\/uploads\/2020\/02\/waclawteam_znaczek_warmia.png 659w\" sizes=\"(max-width: 300px) 100vw, 300px\" \/><\/p>\n<div><strong>Czterodniowa pielgrzymka po sanktuariach Warmii<\/strong><\/div>\n<div>\u2022 dojazd i powr\u00f3t zam\u00f3wionym transportem<br \/>\n\u2022 trasa trzydniowa pomi\u0119dzy noclegami (Gietrzwa\u0142d, Orneta, \u015awi\u0119ta Lipka)<br \/>\n\u2022 na trasie liczne sanktuaria: Gietrzwa\u0142d, Chwal\u0119cin, Krosno Warmi\u0144skie, Stoczek Klasztorny, \u015awi\u0119ta Lipka i dodatkowe atrakcyjne miejsca, m.in. Lidzbark Warmi\u0144ski i Olsztyn<\/div>\n<h3><\/h3>\n<h3>\u221a\u00a02 wrze\u015bnia 2017 (sobota):<br \/>\nRADOM &#8211; NOWE MIASTO nad Pilic\u0105 &#8211; 127 km &#8211; <a href=\"http:\/\/waclawteam.pl\/mapy\/nowemiasto\" target=\"_blank\" rel=\"noopener noreferrer\">trasa<\/a>, <a href=\"http:\/\/waclaw.radom.pl\/waclaw-team\/sezon-2017\/nowe-miasto-2017.html\">relacja<\/a><\/h3>\n<p><img decoding=\"async\" class=\"alignnone size-medium wp-image-13415\" src=\"http:\/\/new.waclaw.radom.pl\/wp-content\/uploads\/2020\/02\/waclawteam_znaczek_nowemiasto-300x300.png\" alt=\"\" width=\"300\" height=\"300\" srcset=\"http:\/\/waclaw.radom.pl\/wp-content\/uploads\/2020\/02\/waclawteam_znaczek_nowemiasto-66x66.png 66w, http:\/\/waclaw.radom.pl\/wp-content\/uploads\/2020\/02\/waclawteam_znaczek_nowemiasto-150x150.png 150w, http:\/\/waclaw.radom.pl\/wp-content\/uploads\/2020\/02\/waclawteam_znaczek_nowemiasto-200x200.png 200w, http:\/\/waclaw.radom.pl\/wp-content\/uploads\/2020\/02\/waclawteam_znaczek_nowemiasto-300x300.png 300w, http:\/\/waclaw.radom.pl\/wp-content\/uploads\/2020\/02\/waclawteam_znaczek_nowemiasto-400x400.png 400w, http:\/\/waclaw.radom.pl\/wp-content\/uploads\/2020\/02\/waclawteam_znaczek_nowemiasto-600x600.png 600w, http:\/\/waclaw.radom.pl\/wp-content\/uploads\/2020\/02\/waclawteam_znaczek_nowemiasto.png 630w\" sizes=\"(max-width: 300px) 100vw, 300px\" \/><\/p>\n<div><strong>Jednodniowa pielgrzymka do klasztoru OO. Kapucyn\u00f3w i Sanktuarium bl. Honorata Ko\u017ami\u0144skiego w Nowym Mie\u015bcie nad Pilic\u0105<\/strong><\/div>\n<div>\u2022 trasa jednodniowa<br \/>\n\u2022 przejazd w obie strony rowerem<br \/>\n\u2022 zako\u0144czenie sezonu rowerowego<\/div>\n","protected":false},"excerpt":{"rendered":"<p>SEZON 2017 \u221a\u00a06 maja 2017 (sobota): RADOM &#8211; STARA B\u0141OTNICA &#8211; 77 km  [&#8230;]<\/p>\n","protected":false},"author":1,"featured_media":0,"parent":0,"menu_order":0,"comment_status":"closed","ping_status":"closed","template":"","meta":{"footnotes":""},"class_list":["post-13411","page","type-page","status-publish","hentry"],"_links":{"self":[{"href":"http:\/\/waclaw.radom.pl\/index.php?rest_route=\/wp\/v2\/pages\/13411","targetHints":{"allow":["GET"]}}],"collection":[{"href":"http:\/\/waclaw.radom.pl\/index.php?rest_route=\/wp\/v2\/pages"}],"about":[{"href":"http:\/\/waclaw.radom.pl\/index.php?rest_route=\/wp\/v2\/types\/page"}],"author":[{"embeddable":true,"href":"http:\/\/waclaw.radom.pl\/index.php?rest_route=\/wp\/v2\/users\/1"}],"replies":[{"embeddable":true,"href":"http:\/\/waclaw.radom.pl\/index.php?rest_route=%2Fwp%2Fv2%2Fcomments&post=13411"}],"version-history":[{"count":1,"href":"http:\/\/waclaw.radom.pl\/index.php?rest_route=\/wp\/v2\/pages\/13411\/revisions"}],"predecessor-version":[{"id":13417,"href":"http:\/\/waclaw.radom.pl\/index.php?rest_route=\/wp\/v2\/pages\/13411\/revisions\/13417"}],"wp:attachment":[{"href":"http:\/\/waclaw.radom.pl\/index.php?rest_route=%2Fwp%2Fv2%2Fmedia&parent=13411"}],"curies":[{"name":"wp","href":"https:\/\/api.w.org\/{rel}","templated":true}]}}